{"id":1459,"date":"2024-11-04T12:32:46","date_gmt":"2024-11-04T11:32:46","guid":{"rendered":"https:\/\/chirurgiefoiepancreas.fr\/fr\/?page_id=1459"},"modified":"2025-03-06T09:36:44","modified_gmt":"2025-03-06T08:36:44","slug":"lacademie-nationale-de-chirurgie-soutient-le-professeur-bachellier","status":"publish","type":"page","link":"https:\/\/chirurgiefoiepancreas.fr\/fr\/lacademie-nationale-de-chirurgie-soutient-le-professeur-bachellier\/","title":{"rendered":"L\u2019Acad\u00e9mie Nationale de Chirurgie soutient le Professeur Bachellier."},"content":{"rendered":"<div class=\"wp-block-image\">\n<figure class=\"aligncenter size-full is-resized\"><img loading=\"lazy\" decoding=\"async\" width=\"500\" height=\"477\" src=\"https:\/\/chirurgiefoiepancreas.fr\/fr\/wp-content\/uploads\/2024\/10\/academie-nationale-de-chirurgie_logo.png\" alt=\"Acad\u00e9mie Nationale de Chirurgie\" class=\"wp-image-1466\" style=\"width:150px\" srcset=\"https:\/\/chirurgiefoiepancreas.fr\/fr\/wp-content\/uploads\/2024\/10\/academie-nationale-de-chirurgie_logo.png 500w, https:\/\/chirurgiefoiepancreas.fr\/fr\/wp-content\/uploads\/2024\/10\/academie-nationale-de-chirurgie_logo-300x286.png 300w\" sizes=\"auto, (max-width: 500px) 100vw, 500px\" \/><\/figure>\n<\/div>\n\n\n<div style=\"height:10px\" aria-hidden=\"true\" class=\"wp-block-spacer\"><\/div>\n\n\n\n<h2 class=\"wp-block-heading\">Chirurgie et Cancer : repousser les limites de la chirurgie<\/h2>\n\n\n\n<p>L\u2019<strong>Acad\u00e9mie Nationale de Chirurgie<\/strong> d\u00e9plore les articles de presse incriminant un<br>chirurgien des <strong>H\u00f4pitaux Universitaires de Strasbourg<\/strong>, le <strong>Pr Bachellier<\/strong> membre de notre<br>Compagnie.<\/p>\n\n\n\n<h3 class=\"wp-block-heading\">L\u2019Acad\u00e9mie rappelle qu\u2019en 2024 :<\/h3>\n\n\n\n<ul class=\"wp-block-list\">\n<li>C\u2019est la <strong>chirurgie<\/strong> qui gu\u00e9rit toutes les localisations des <strong>cancers digestifs<\/strong>, \u00e0<br>l\u2019exception de l\u2019anus, m\u00eame si gr\u00e2ce aux progr\u00e8s des traitements n\u00e9oadjuvants ou<br>adjuvants (<strong>chimioth\u00e9rapie<\/strong>, <strong>radioth\u00e9rapie<\/strong>, <strong>immunoth\u00e9rapie<\/strong>), des abstentions<br>chirurgicales sont maintenant possibles pour quelques patients atteints de cancers<br>du rectum ou de l\u2019\u0153sophage, dans des cas tr\u00e8s s\u00e9lectionn\u00e9s et en \u00e9valuation.<\/li>\n\n\n\n<li>Le <strong>cancer du pancr\u00e9as<\/strong> est parmi les cancers digestifs celui dont l\u2019incidence<br>augmente le plus et son pronostic reste parmi les plus mauvais.<\/li>\n\n\n\n<li>Les ex\u00e9r\u00e8ses du <strong>pancr\u00e9as<\/strong> figurent parmi les interventions les plus lourdes en<br>chirurgie digestive.<\/li>\n\n\n\n<li>Les <strong>\u00e9valuations du chirurgien<\/strong> mis en cause sont accept\u00e9es dans les \u00e9tudes<br>multicentriques, donc <strong>en collaboration avec ses coll\u00e8gues<\/strong>, et <strong>publi\u00e9es dans les<br>publications des plus hauts niveaux<\/strong>.<\/li>\n\n\n\n<li>Le <strong>CHU de Strasbourg<\/strong> dispose d\u2019un plateau technique parfaitement adapt\u00e9 pour<br>prendre en charge ce type de patients.<\/li>\n\n\n\n<li>Comme pour tous les cancers, toute d\u00e9cision est prise en <strong>R\u00e9union de Concertation<br>Pluridisciplinaire<\/strong>, et non pas \u00e0 partir de recrutement sur les r\u00e9seaux sociaux.<\/li>\n<\/ul>\n\n\n\n<h3 class=\"wp-block-heading\">L\u2019Acad\u00e9mie souligne :<\/h3>\n\n\n\n<ul class=\"wp-block-list\">\n<li>Que c\u2019est le r\u00f4le des chirurgiens exer\u00e7ant, en particulier en CHU, dans les Centres de<br>lutte contre le cancer ou quelques autres structures priv\u00e9es ou mutualistes adapt\u00e9es,<br>de repousser les limites en \u00e9valuant leurs pratiques.<\/li>\n<\/ul>\n\n\n\n<h3 class=\"wp-block-heading\">Les exemples sont nombreux :<\/h3>\n\n\n\n<ul class=\"wp-block-list\">\n<li>La communication disruptive au dernier congr\u00e8s am\u00e9ricain de canc\u00e9rologie en juin<br>2024 de l\u2019\u00e9tude multicentrique fran\u00e7aise apportant des bons r\u00e9sultats de la<br>transplantation h\u00e9patique pour m\u00e9tastases : faut-il bl\u00e2mer le Pr Adam et coll. ?<\/li>\n\n\n\n<li>Les r\u00e9sultats tr\u00e8s difficiles des premi\u00e8res \u0153sophagectomies en France dans les<br>ann\u00e9es 1950 par les Prs Lortat Jacob et Santy, op\u00e9rations devenues courantes et seules<br>gages de gu\u00e9rison.<\/li>\n\n\n\n<li>Les r\u00e9sultats obtenus par le Pr Cribier sur le TAVI, initialement propos\u00e9 en<br>compassionnel et maintenant \u00e9tendu \u00e0 de larges populations.<\/li>\n\n\n\n<li>et plus g\u00e9n\u00e9ralement toutes les innovations chirurgicales, notamment Fran\u00e7aises.<\/li>\n<\/ul>\n\n\n\n<p>&#8211;<\/p>\n\n\n\n<h3 class=\"wp-block-heading\">L\u2019Acad\u00e9mie Nationale de Chirurgie soutient le Pr Bachellier.<\/h3>\n\n\n\n<p>&#8211;<\/p>\n\n\n\n<p><strong>Pr Olivier Jard\u00e9<\/strong><br>Pr\u00e9sident de l\u2019Acad\u00e9mie de Chirurgie<\/p>\n\n\n\n<figure class=\"wp-block-image size-full is-resized\"><img loading=\"lazy\" decoding=\"async\" width=\"328\" height=\"250\" src=\"https:\/\/chirurgiefoiepancreas.fr\/fr\/wp-content\/uploads\/2024\/10\/professeur-olivier-jarde.png\" alt=\"Professeur Olivier Jarde\u0301\" class=\"wp-image-1465\" style=\"width:100px\" srcset=\"https:\/\/chirurgiefoiepancreas.fr\/fr\/wp-content\/uploads\/2024\/10\/professeur-olivier-jarde.png 328w, https:\/\/chirurgiefoiepancreas.fr\/fr\/wp-content\/uploads\/2024\/10\/professeur-olivier-jarde-300x229.png 300w\" sizes=\"auto, (max-width: 328px) 100vw, 328px\" \/><\/figure>\n\n\n\n<p>&#8211;<\/p>\n\n\n\n<p><strong>Pr Hubert Johanet<\/strong><br>Secr\u00e9taire Perp\u00e9tuel de l\u2019Acad\u00e9mie de Chirurgie<\/p>\n\n\n\n<figure class=\"wp-block-image size-full is-resized\"><img loading=\"lazy\" decoding=\"async\" width=\"444\" height=\"200\" src=\"https:\/\/chirurgiefoiepancreas.fr\/fr\/wp-content\/uploads\/2024\/10\/professeur-hubert-johanet.png\" alt=\"Professeur Hubert Johanet\" class=\"wp-image-1464\" style=\"width:150px\" srcset=\"https:\/\/chirurgiefoiepancreas.fr\/fr\/wp-content\/uploads\/2024\/10\/professeur-hubert-johanet.png 444w, https:\/\/chirurgiefoiepancreas.fr\/fr\/wp-content\/uploads\/2024\/10\/professeur-hubert-johanet-300x135.png 300w\" sizes=\"auto, (max-width: 444px) 100vw, 444px\" \/><\/figure>\n\n\n\n<p>&#8211;<\/p>\n\n\n\n<p><strong>Pr Carole Mathelin<\/strong><br>Vice-Pr\u00e9sidente de l\u2019Acad\u00e9mie Nationale de Chirurgie<\/p>\n\n\n\n<figure class=\"wp-block-image size-full is-resized\"><img loading=\"lazy\" decoding=\"async\" width=\"359\" height=\"200\" src=\"https:\/\/chirurgiefoiepancreas.fr\/fr\/wp-content\/uploads\/2024\/10\/professeur-carol-mathelin.png\" alt=\"Professeur Carol Mathelin\" class=\"wp-image-1463\" style=\"width:90px\" srcset=\"https:\/\/chirurgiefoiepancreas.fr\/fr\/wp-content\/uploads\/2024\/10\/professeur-carol-mathelin.png 359w, https:\/\/chirurgiefoiepancreas.fr\/fr\/wp-content\/uploads\/2024\/10\/professeur-carol-mathelin-300x167.png 300w\" sizes=\"auto, (max-width: 359px) 100vw, 359px\" \/><\/figure>\n\n\n\n<p>&#8211;<\/p>\n\n\n\n<p><strong>Acad\u00e9mie Nationale de Chirurgie \u00ab Les Cordeliers \u00bb<\/strong><br>15, rue de l&rsquo;\u00c9cole de M\u00e9decine 75006 Paris<\/p>\n\n\n\n<p>administration@academie-chirurgie.fr<br><a href=\"https:\/\/www.academie-chirurgie.fr\" target=\"_blank\" rel=\"noreferrer noopener\">www.academie-chirurgie.fr<\/a><\/p>\n\n\n\n<p>&#8211;<\/p>\n\n\n\n<p>T\u00e9l\u00e9charger le document original:<br><a href=\"https:\/\/chirurgiefoiepancreas.fr\/fr\/wp-content\/uploads\/2024\/10\/academie-nationale-de-chirurgie-soutient-le-professeur-bachellier.pdf\" target=\"_blank\" rel=\"noreferrer noopener\">\u00ab\u00a0L\u2019Acad\u00e9mie Nationale de Chirurgie soutient le Pr Bachellier\u00a0\u00bb<\/a><br> (en version pdf)<\/p>\n\n\n\n<p><a href=\"https:\/\/www.linkedin.com\/posts\/philippe-bachellier-98a2bb166_lacad%C3%A9mie-nationale-de-chirurgie-activity-7225124137235603456-rq2y\" target=\"_blank\" rel=\"noreferrer noopener\">Linkedin<\/a><\/p>\n\n\n\n<p><a href=\"https:\/\/philippebachellier.fr\/\" data-type=\"link\" data-id=\"https:\/\/philippebachellier.fr\" target=\"_blank\" rel=\"noreferrer noopener\">philippebachellier.fr<\/a><\/p>\n\n\n\n<p><\/p>\n","protected":false},"excerpt":{"rendered":"<p>Chirurgie et Cancer : repousser les limites de la chirurgie L\u2019Acad\u00e9mie Nationale de Chirurgie d\u00e9plore les articles de presse incriminant unchirurgien des H\u00f4pitaux Universitaires de Strasbourg, le Pr Bachellier membre de notreCompagnie. L\u2019Acad\u00e9mie rappelle qu\u2019en 2024 : L\u2019Acad\u00e9mie souligne : Les exemples sont nombreux : &#8211; L\u2019Acad\u00e9mie Nationale de Chirurgie soutient le Pr Bachellier. &#8211; &hellip; <\/p>\n<p class=\"link-more\"><a href=\"https:\/\/chirurgiefoiepancreas.fr\/fr\/lacademie-nationale-de-chirurgie-soutient-le-professeur-bachellier\/\" class=\"more-link\">Continuer la lecture<span class=\"screen-reader-text\"> de &laquo;&nbsp;L\u2019Acad\u00e9mie Nationale de Chirurgie soutient le Professeur Bachellier.&nbsp;&raquo;<\/span><\/a><\/p>\n","protected":false},"author":1,"featured_media":0,"parent":0,"menu_order":0,"comment_status":"closed","ping_status":"closed","template":"","meta":{"footnotes":""},"class_list":["post-1459","page","type-page","status-publish","hentry"],"_links":{"self":[{"href":"https:\/\/chirurgiefoiepancreas.fr\/fr\/wp-json\/wp\/v2\/pages\/1459","targetHints":{"allow":["GET"]}}],"collection":[{"href":"https:\/\/chirurgiefoiepancreas.fr\/fr\/wp-json\/wp\/v2\/pages"}],"about":[{"href":"https:\/\/chirurgiefoiepancreas.fr\/fr\/wp-json\/wp\/v2\/types\/page"}],"author":[{"embeddable":true,"href":"https:\/\/chirurgiefoiepancreas.fr\/fr\/wp-json\/wp\/v2\/users\/1"}],"replies":[{"embeddable":true,"href":"https:\/\/chirurgiefoiepancreas.fr\/fr\/wp-json\/wp\/v2\/comments?post=1459"}],"version-history":[{"count":13,"href":"https:\/\/chirurgiefoiepancreas.fr\/fr\/wp-json\/wp\/v2\/pages\/1459\/revisions"}],"predecessor-version":[{"id":1491,"href":"https:\/\/chirurgiefoiepancreas.fr\/fr\/wp-json\/wp\/v2\/pages\/1459\/revisions\/1491"}],"wp:attachment":[{"href":"https:\/\/chirurgiefoiepancreas.fr\/fr\/wp-json\/wp\/v2\/media?parent=1459"}],"curies":[{"name":"wp","href":"https:\/\/api.w.org\/{rel}","templated":true}]}}